{"id":688,"date":"2024-11-15T14:08:31","date_gmt":"2024-11-15T18:08:31","guid":{"rendered":"https:\/\/www.childrenseyemd.com\/?page_id=688"},"modified":"2025-02-05T10:18:05","modified_gmt":"2025-02-05T14:18:05","slug":"acerca-de-darron-bacal-md-mba","status":"publish","type":"page","link":"https:\/\/www.childrenseyemd.com\/es\/acerca-de-darron-bacal-md-mba\/","title":{"rendered":"Acerca de Darron Bacal, MD, MBA"},"content":{"rendered":"<h2>Acerca de Darron Bacal, M.D., M.B.A.<\/h2>\n<p>El Dr. Darron Bacal se gradu\u00f3 de la Universidad Estatal de Pensilvania con una Licenciatura en Ciencias. Recibi\u00f3 su t\u00edtulo de m\u00e9dico en el Sidney Kimmel Medical College (Universidad Thomas Jefferson) en Filadelfia. Complet\u00f3 su residencia en Oftalmolog\u00eda en el Sistema M\u00e9dico de la Universidad de Maryland y fue seleccionado Jefe de Residentes en su \u00faltimo a\u00f1o. Realiz\u00f3 una beca de formaci\u00f3n en Oftalmolog\u00eda Pedi\u00e1trica y Estrabismo en el Hospital Infantil de Filadelfia, que complet\u00f3 en 1997.<\/p>\n<p><a href=\"https:\/\/www.childrenseyemd.com\/wp-content\/uploads\/2025\/02\/darron-300x222-1.jpg\"><img loading=\"lazy\" decoding=\"async\" class=\"wp-image-697 size-full alignright\" src=\"https:\/\/www.childrenseyemd.com\/wp-content\/uploads\/2025\/02\/darron-300x222-1.jpg\" alt=\"\" width=\"300\" height=\"222\" \/><\/a>El Dr. Bacal obtuvo su MBA de la Universidad Estatal de Pensilvania.<\/p>\n<p>El Dr. Bacal ha ejercido su pr\u00e1ctica privada durante 28 a\u00f1os en Connecticut y es profesor cl\u00ednico asistente en el Departamento de Oftalmolog\u00eda de Yale. Se unir\u00e1 a Lederman &amp; Lederman, LLP en enero de 2025.<\/p>\n<p>El Dr. Bacal est\u00e1 certificado por la Junta Estadounidense de Oftalmolog\u00eda y es miembro de la Academia Estadounidense de Oftalmolog\u00eda. Forma parte del personal del Hospital White Plains y del Hospital Yale-New Haven.<\/p>\n<p>El Dr. Bacal es miembro del Cuadro de Honor de la Asociaci\u00f3n Estadounidense de Oftalmolog\u00eda y Estrabismo Pedi\u00e1tricos (AAPOS). Es el ex presidente del Comit\u00e9 de Educaci\u00f3n Profesional de AAPOS y ha formado parte del Comit\u00e9 Socioecon\u00f3mico y del Comit\u00e9 de Educaci\u00f3n P\u00fablica. Es revisor de m\u00faltiples revistas de oftalmolog\u00eda.<\/p>\n<p>El Dr. Bacal ha sido orador nacional para Alcon y Coopervision y ha sido conferencista invitado en m\u00faltiples reuniones estatales de Oftalmolog\u00eda.<\/p>\n<p>El Dr. Bacal fue copresidente del grupo de trabajo de la Academia Estadounidense de Pediatr\u00eda sobre trastornos de la visi\u00f3n asociados con conmociones cerebrales. Tambi\u00e9n se ha desempe\u00f1ado como miembro del Grupo de investigadores de enfermedades oculares pedi\u00e1tricas, una organizaci\u00f3n de investigaci\u00f3n nacional.<\/p>\n<p>El Dr. Bacal tiene m\u00e1s de 30 publicaciones de investigaci\u00f3n m\u00e9dica y ha escrito cap\u00edtulos para libros de texto m\u00e9dicos.<\/p>\n","protected":false},"excerpt":{"rendered":"<p>Acerca de Darron Bacal, M.D., M.B.A. El Dr. Darron Bacal se gradu\u00f3 de la Universidad Estatal de Pensilvania con una Licenciatura en Ciencias. Recibi\u00f3 su t\u00edtulo de m\u00e9dico en el Sidney Kimmel Medical College (Universidad Thomas Jefferson) en Filadelfia. Complet\u00f3 su residencia en Oftalmolog\u00eda en el Sistema M\u00e9dico de la Universidad de Maryland y fue&#8230;<\/p>\n","protected":false},"author":5,"featured_media":0,"parent":0,"menu_order":0,"comment_status":"closed","ping_status":"closed","template":"","meta":{"footnotes":""},"class_list":["post-688","page","type-page","status-publish","hentry"],"yoast_head":"<!-- This site is optimized with the Yoast SEO plugin v27.4 - https:\/\/yoast.com\/product\/yoast-seo-wordpress\/ -->\n<title>Acerca de Darron Bacal, MD, MBA - Lederman &amp; Lederman, LLP<\/title>\n<meta name=\"robots\" content=\"index, follow, max-snippet:-1, max-image-preview:large, max-video-preview:-1\" \/>\n<link rel=\"canonical\" href=\"https:\/\/www.childrenseyemd.com\/es\/acerca-de-darron-bacal-md-mba\/\" \/>\n<meta property=\"og:locale\" content=\"es_ES\" \/>\n<meta property=\"og:type\" content=\"article\" \/>\n<meta property=\"og:title\" content=\"Acerca de Darron Bacal, MD, MBA - Lederman &amp; Lederman, LLP\" \/>\n<meta property=\"og:description\" content=\"Acerca de Darron Bacal, M.D., M.B.A. El Dr. Darron Bacal se gradu\u00f3 de la Universidad Estatal de Pensilvania con una Licenciatura en Ciencias. Recibi\u00f3 su t\u00edtulo de m\u00e9dico en el Sidney Kimmel Medical College (Universidad Thomas Jefferson) en Filadelfia. Complet\u00f3 su residencia en Oftalmolog\u00eda en el Sistema M\u00e9dico de la Universidad de Maryland y fue...\" \/>\n<meta property=\"og:url\" content=\"https:\/\/www.childrenseyemd.com\/es\/acerca-de-darron-bacal-md-mba\/\" \/>\n<meta property=\"og:site_name\" content=\"Lederman &amp; Lederman, LLP\" \/>\n<meta property=\"article:modified_time\" content=\"2025-02-05T14:18:05+00:00\" \/>\n<meta property=\"og:image\" content=\"https:\/\/www.childrenseyemd.com\/wp-content\/uploads\/2025\/02\/darron-300x222-1.jpg\" \/>\n\t<meta property=\"og:image:width\" content=\"300\" \/>\n\t<meta property=\"og:image:height\" content=\"222\" \/>\n\t<meta property=\"og:image:type\" content=\"image\/jpeg\" \/>\n<meta name=\"twitter:card\" content=\"summary_large_image\" \/>\n<meta name=\"twitter:label1\" content=\"Tiempo de lectura\" \/>\n\t<meta name=\"twitter:data1\" content=\"2 minutos\" \/>\n<script type=\"application\/ld+json\" class=\"yoast-schema-graph\">{\"@context\":\"https:\\\/\\\/schema.org\",\"@graph\":[{\"@type\":\"WebPage\",\"@id\":\"https:\\\/\\\/www.childrenseyemd.com\\\/es\\\/acerca-de-darron-bacal-md-mba\\\/\",\"url\":\"https:\\\/\\\/www.childrenseyemd.com\\\/es\\\/acerca-de-darron-bacal-md-mba\\\/\",\"name\":\"Acerca de Darron Bacal, MD, MBA - Lederman &amp; Lederman, LLP\",\"isPartOf\":{\"@id\":\"https:\\\/\\\/www.childrenseyemd.com\\\/es\\\/#website\"},\"primaryImageOfPage\":{\"@id\":\"https:\\\/\\\/www.childrenseyemd.com\\\/es\\\/acerca-de-darron-bacal-md-mba\\\/#primaryimage\"},\"image\":{\"@id\":\"https:\\\/\\\/www.childrenseyemd.com\\\/es\\\/acerca-de-darron-bacal-md-mba\\\/#primaryimage\"},\"thumbnailUrl\":\"https:\\\/\\\/www.childrenseyemd.com\\\/wp-content\\\/uploads\\\/2025\\\/02\\\/darron-300x222-1.jpg\",\"datePublished\":\"2024-11-15T18:08:31+00:00\",\"dateModified\":\"2025-02-05T14:18:05+00:00\",\"breadcrumb\":{\"@id\":\"https:\\\/\\\/www.childrenseyemd.com\\\/es\\\/acerca-de-darron-bacal-md-mba\\\/#breadcrumb\"},\"inLanguage\":\"es\",\"potentialAction\":[{\"@type\":\"ReadAction\",\"target\":[\"https:\\\/\\\/www.childrenseyemd.com\\\/es\\\/acerca-de-darron-bacal-md-mba\\\/\"]}]},{\"@type\":\"ImageObject\",\"inLanguage\":\"es\",\"@id\":\"https:\\\/\\\/www.childrenseyemd.com\\\/es\\\/acerca-de-darron-bacal-md-mba\\\/#primaryimage\",\"url\":\"https:\\\/\\\/www.childrenseyemd.com\\\/wp-content\\\/uploads\\\/2025\\\/02\\\/darron-300x222-1.jpg\",\"contentUrl\":\"https:\\\/\\\/www.childrenseyemd.com\\\/wp-content\\\/uploads\\\/2025\\\/02\\\/darron-300x222-1.jpg\"},{\"@type\":\"BreadcrumbList\",\"@id\":\"https:\\\/\\\/www.childrenseyemd.com\\\/es\\\/acerca-de-darron-bacal-md-mba\\\/#breadcrumb\",\"itemListElement\":[{\"@type\":\"ListItem\",\"position\":1,\"name\":\"Home\",\"item\":\"https:\\\/\\\/www.childrenseyemd.com\\\/es\\\/\"},{\"@type\":\"ListItem\",\"position\":2,\"name\":\"Acerca de Darron Bacal, MD, MBA\"}]},{\"@type\":\"WebSite\",\"@id\":\"https:\\\/\\\/www.childrenseyemd.com\\\/es\\\/#website\",\"url\":\"https:\\\/\\\/www.childrenseyemd.com\\\/es\\\/\",\"name\":\"Lederman &amp; Lederman, LLP\",\"description\":\"\",\"potentialAction\":[{\"@type\":\"SearchAction\",\"target\":{\"@type\":\"EntryPoint\",\"urlTemplate\":\"https:\\\/\\\/www.childrenseyemd.com\\\/es\\\/?s={search_term_string}\"},\"query-input\":{\"@type\":\"PropertyValueSpecification\",\"valueRequired\":true,\"valueName\":\"search_term_string\"}}],\"inLanguage\":\"es\"}]}<\/script>\n<!-- \/ Yoast SEO plugin. -->","yoast_head_json":{"title":"Acerca de Darron Bacal, MD, MBA - Lederman &amp; Lederman, LLP","robots":{"index":"index","follow":"follow","max-snippet":"max-snippet:-1","max-image-preview":"max-image-preview:large","max-video-preview":"max-video-preview:-1"},"canonical":"https:\/\/www.childrenseyemd.com\/es\/acerca-de-darron-bacal-md-mba\/","og_locale":"es_ES","og_type":"article","og_title":"Acerca de Darron Bacal, MD, MBA - Lederman &amp; Lederman, LLP","og_description":"Acerca de Darron Bacal, M.D., M.B.A. El Dr. Darron Bacal se gradu\u00f3 de la Universidad Estatal de Pensilvania con una Licenciatura en Ciencias. Recibi\u00f3 su t\u00edtulo de m\u00e9dico en el Sidney Kimmel Medical College (Universidad Thomas Jefferson) en Filadelfia. Complet\u00f3 su residencia en Oftalmolog\u00eda en el Sistema M\u00e9dico de la Universidad de Maryland y fue...","og_url":"https:\/\/www.childrenseyemd.com\/es\/acerca-de-darron-bacal-md-mba\/","og_site_name":"Lederman &amp; Lederman, LLP","article_modified_time":"2025-02-05T14:18:05+00:00","og_image":[{"width":300,"height":222,"url":"https:\/\/www.childrenseyemd.com\/wp-content\/uploads\/2025\/02\/darron-300x222-1.jpg","type":"image\/jpeg"}],"twitter_card":"summary_large_image","twitter_misc":{"Tiempo de lectura":"2 minutos"},"schema":{"@context":"https:\/\/schema.org","@graph":[{"@type":"WebPage","@id":"https:\/\/www.childrenseyemd.com\/es\/acerca-de-darron-bacal-md-mba\/","url":"https:\/\/www.childrenseyemd.com\/es\/acerca-de-darron-bacal-md-mba\/","name":"Acerca de Darron Bacal, MD, MBA - Lederman &amp; Lederman, LLP","isPartOf":{"@id":"https:\/\/www.childrenseyemd.com\/es\/#website"},"primaryImageOfPage":{"@id":"https:\/\/www.childrenseyemd.com\/es\/acerca-de-darron-bacal-md-mba\/#primaryimage"},"image":{"@id":"https:\/\/www.childrenseyemd.com\/es\/acerca-de-darron-bacal-md-mba\/#primaryimage"},"thumbnailUrl":"https:\/\/www.childrenseyemd.com\/wp-content\/uploads\/2025\/02\/darron-300x222-1.jpg","datePublished":"2024-11-15T18:08:31+00:00","dateModified":"2025-02-05T14:18:05+00:00","breadcrumb":{"@id":"https:\/\/www.childrenseyemd.com\/es\/acerca-de-darron-bacal-md-mba\/#breadcrumb"},"inLanguage":"es","potentialAction":[{"@type":"ReadAction","target":["https:\/\/www.childrenseyemd.com\/es\/acerca-de-darron-bacal-md-mba\/"]}]},{"@type":"ImageObject","inLanguage":"es","@id":"https:\/\/www.childrenseyemd.com\/es\/acerca-de-darron-bacal-md-mba\/#primaryimage","url":"https:\/\/www.childrenseyemd.com\/wp-content\/uploads\/2025\/02\/darron-300x222-1.jpg","contentUrl":"https:\/\/www.childrenseyemd.com\/wp-content\/uploads\/2025\/02\/darron-300x222-1.jpg"},{"@type":"BreadcrumbList","@id":"https:\/\/www.childrenseyemd.com\/es\/acerca-de-darron-bacal-md-mba\/#breadcrumb","itemListElement":[{"@type":"ListItem","position":1,"name":"Home","item":"https:\/\/www.childrenseyemd.com\/es\/"},{"@type":"ListItem","position":2,"name":"Acerca de Darron Bacal, MD, MBA"}]},{"@type":"WebSite","@id":"https:\/\/www.childrenseyemd.com\/es\/#website","url":"https:\/\/www.childrenseyemd.com\/es\/","name":"Lederman &amp; Lederman, LLP","description":"","potentialAction":[{"@type":"SearchAction","target":{"@type":"EntryPoint","urlTemplate":"https:\/\/www.childrenseyemd.com\/es\/?s={search_term_string}"},"query-input":{"@type":"PropertyValueSpecification","valueRequired":true,"valueName":"search_term_string"}}],"inLanguage":"es"}]}},"_links":{"self":[{"href":"https:\/\/www.childrenseyemd.com\/es\/wp-json\/wp\/v2\/pages\/688","targetHints":{"allow":["GET"]}}],"collection":[{"href":"https:\/\/www.childrenseyemd.com\/es\/wp-json\/wp\/v2\/pages"}],"about":[{"href":"https:\/\/www.childrenseyemd.com\/es\/wp-json\/wp\/v2\/types\/page"}],"author":[{"embeddable":true,"href":"https:\/\/www.childrenseyemd.com\/es\/wp-json\/wp\/v2\/users\/5"}],"replies":[{"embeddable":true,"href":"https:\/\/www.childrenseyemd.com\/es\/wp-json\/wp\/v2\/comments?post=688"}],"version-history":[{"count":0,"href":"https:\/\/www.childrenseyemd.com\/es\/wp-json\/wp\/v2\/pages\/688\/revisions"}],"wp:attachment":[{"href":"https:\/\/www.childrenseyemd.com\/es\/wp-json\/wp\/v2\/media?parent=688"}],"curies":[{"name":"wp","href":"https:\/\/api.w.org\/{rel}","templated":true}]}}